{"id":2058,"date":"2024-07-11T13:16:59","date_gmt":"2024-07-11T11:16:59","guid":{"rendered":"https:\/\/walch-recycling.com\/portfolio-items\/lelimination-des-dechets-est-notre-competence\/"},"modified":"2024-07-11T13:16:59","modified_gmt":"2024-07-11T11:16:59","slug":"lelimination-des-dechets-est-notre-competence","status":"publish","type":"avada_portfolio","link":"https:\/\/walch-recycling.com\/fr\/portfolio-items\/lelimination-des-dechets-est-notre-competence\/","title":{"rendered":"L&rsquo;\u00e9limination des d\u00e9chets est notre comp\u00e9tence"},"content":{"rendered":"<p>Nous achetons des d\u00e9chets \u00e9lectroniques, des \u00e9quipements m\u00e9dicaux, des cibles de pulv\u00e9risation et des composants d&rsquo;\u00e9oliennes en fin de vie, tels que des aimants au n\u00e9odyme et au samarium\/cobalt. Nous en extrayons les mat\u00e9riaux recyclables, tels que les m\u00e9taux strat\u00e9giques et les terres rares, pour les r\u00e9introduire dans le cycle \u00e9conomique.<\/p>\n","protected":false},"excerpt":{"rendered":"<p>Nous achetons des d\u00e9chets \u00e9lectroniques, des \u00e9quipements m\u00e9dicaux, des cibles  [&#8230;]<\/p>\n","protected":false},"author":1,"featured_media":490,"menu_order":0,"comment_status":"open","ping_status":"closed","template":"","format":"standard","meta":{"footnotes":""},"portfolio_category":[62],"portfolio_skills":[],"portfolio_tags":[],"class_list":["post-2058","avada_portfolio","type-avada_portfolio","status-publish","format-standard","has-post-thumbnail","hentry","portfolio_category-recyclage"],"yoast_head":"<!-- This site is optimized with the Yoast SEO plugin v26.7 - https:\/\/yoast.com\/wordpress\/plugins\/seo\/ -->\n<title>L&#039;\u00e9limination des d\u00e9chets est notre comp\u00e9tence | WALCH Recycling<\/title>\n<meta name=\"robots\" content=\"noindex, follow\" \/>\n<meta property=\"og:locale\" content=\"fr_FR\" \/>\n<meta property=\"og:type\" content=\"article\" \/>\n<meta property=\"og:title\" content=\"L&#039;\u00e9limination des d\u00e9chets est notre comp\u00e9tence | WALCH Recycling\" \/>\n<meta property=\"og:description\" content=\"Nous achetons des d\u00e9chets \u00e9lectroniques, des \u00e9quipements m\u00e9dicaux, des cibles [...]\" \/>\n<meta property=\"og:url\" content=\"https:\/\/walch-recycling.com\/portfolio-items\/lelimination-des-dechets-est-notre-competence\/\" \/>\n<meta property=\"og:site_name\" content=\"WALCH Recycling\" \/>\n<meta property=\"og:image\" content=\"https:\/\/walch-recycling.com\/wp-content\/uploads\/2024\/04\/walch-recycling-familienbetrieb.jpg\" \/>\n\t<meta property=\"og:image:width\" content=\"1200\" \/>\n\t<meta property=\"og:image:height\" content=\"801\" \/>\n\t<meta property=\"og:image:type\" content=\"image\/jpeg\" \/>\n<meta name=\"twitter:card\" content=\"summary_large_image\" \/>\n<script type=\"application\/ld+json\" class=\"yoast-schema-graph\">{\"@context\":\"https:\/\/schema.org\",\"@graph\":[{\"@type\":\"WebPage\",\"@id\":\"https:\/\/walch-recycling.com\/portfolio-items\/lelimination-des-dechets-est-notre-competence\/\",\"url\":\"https:\/\/walch-recycling.com\/portfolio-items\/lelimination-des-dechets-est-notre-competence\/\",\"name\":\"L'\u00e9limination des d\u00e9chets est notre comp\u00e9tence | WALCH Recycling\",\"isPartOf\":{\"@id\":\"https:\/\/walch-recycling.com\/#website\"},\"primaryImageOfPage\":{\"@id\":\"https:\/\/walch-recycling.com\/portfolio-items\/lelimination-des-dechets-est-notre-competence\/#primaryimage\"},\"image\":{\"@id\":\"https:\/\/walch-recycling.com\/portfolio-items\/lelimination-des-dechets-est-notre-competence\/#primaryimage\"},\"thumbnailUrl\":\"https:\/\/walch-recycling.com\/wp-content\/uploads\/2024\/04\/recyclen.svg\",\"datePublished\":\"2024-07-11T11:16:59+00:00\",\"breadcrumb\":{\"@id\":\"https:\/\/walch-recycling.com\/portfolio-items\/lelimination-des-dechets-est-notre-competence\/#breadcrumb\"},\"inLanguage\":\"fr-FR\",\"potentialAction\":[{\"@type\":\"ReadAction\",\"target\":[\"https:\/\/walch-recycling.com\/portfolio-items\/lelimination-des-dechets-est-notre-competence\/\"]}]},{\"@type\":\"ImageObject\",\"inLanguage\":\"fr-FR\",\"@id\":\"https:\/\/walch-recycling.com\/portfolio-items\/lelimination-des-dechets-est-notre-competence\/#primaryimage\",\"url\":\"https:\/\/walch-recycling.com\/wp-content\/uploads\/2024\/04\/recyclen.svg\",\"contentUrl\":\"https:\/\/walch-recycling.com\/wp-content\/uploads\/2024\/04\/recyclen.svg\",\"width\":100,\"height\":100},{\"@type\":\"BreadcrumbList\",\"@id\":\"https:\/\/walch-recycling.com\/portfolio-items\/lelimination-des-dechets-est-notre-competence\/#breadcrumb\",\"itemListElement\":[{\"@type\":\"ListItem\",\"position\":1,\"name\":\"Startseite\",\"item\":\"https:\/\/walch-recycling.com\/fr\/\"},{\"@type\":\"ListItem\",\"position\":2,\"name\":\"Portfolio\",\"item\":\"https:\/\/walch-recycling.com\/portfolio-items\/\"},{\"@type\":\"ListItem\",\"position\":3,\"name\":\"L&rsquo;\u00e9limination des d\u00e9chets est notre comp\u00e9tence\"}]},{\"@type\":\"WebSite\",\"@id\":\"https:\/\/walch-recycling.com\/#website\",\"url\":\"https:\/\/walch-recycling.com\/\",\"name\":\"WALCH Recycling\",\"description\":\"\",\"publisher\":{\"@id\":\"https:\/\/walch-recycling.com\/#organization\"},\"potentialAction\":[{\"@type\":\"SearchAction\",\"target\":{\"@type\":\"EntryPoint\",\"urlTemplate\":\"https:\/\/walch-recycling.com\/?s={search_term_string}\"},\"query-input\":{\"@type\":\"PropertyValueSpecification\",\"valueRequired\":true,\"valueName\":\"search_term_string\"}}],\"inLanguage\":\"fr-FR\"},{\"@type\":\"Organization\",\"@id\":\"https:\/\/walch-recycling.com\/#organization\",\"name\":\"Lars Walch GmbH & Co. KG\",\"url\":\"https:\/\/walch-recycling.com\/\",\"logo\":{\"@type\":\"ImageObject\",\"inLanguage\":\"fr-FR\",\"@id\":\"https:\/\/walch-recycling.com\/#\/schema\/logo\/image\/\",\"url\":\"https:\/\/walch-recycling.com\/wp-content\/uploads\/2024\/05\/walch-recycling-logo_sm.svg\",\"contentUrl\":\"https:\/\/walch-recycling.com\/wp-content\/uploads\/2024\/05\/walch-recycling-logo_sm.svg\",\"width\":91,\"height\":66,\"caption\":\"Lars Walch GmbH & Co. KG\"},\"image\":{\"@id\":\"https:\/\/walch-recycling.com\/#\/schema\/logo\/image\/\"},\"sameAs\":[\"https:\/\/www.linkedin.com\/company\/walchrecycling\/\",\"https:\/\/www.youtube.com\/channel\/UCy6VNhi3OHnjeClBw2_juVQ\"]}]}<\/script>\n<!-- \/ Yoast SEO plugin. -->","yoast_head_json":{"title":"L'\u00e9limination des d\u00e9chets est notre comp\u00e9tence | WALCH Recycling","robots":{"index":"noindex","follow":"follow"},"og_locale":"fr_FR","og_type":"article","og_title":"L'\u00e9limination des d\u00e9chets est notre comp\u00e9tence | WALCH Recycling","og_description":"Nous achetons des d\u00e9chets \u00e9lectroniques, des \u00e9quipements m\u00e9dicaux, des cibles [...]","og_url":"https:\/\/walch-recycling.com\/portfolio-items\/lelimination-des-dechets-est-notre-competence\/","og_site_name":"WALCH Recycling","og_image":[{"width":1200,"height":801,"url":"https:\/\/walch-recycling.com\/wp-content\/uploads\/2024\/04\/walch-recycling-familienbetrieb.jpg","type":"image\/jpeg"}],"twitter_card":"summary_large_image","schema":{"@context":"https:\/\/schema.org","@graph":[{"@type":"WebPage","@id":"https:\/\/walch-recycling.com\/portfolio-items\/lelimination-des-dechets-est-notre-competence\/","url":"https:\/\/walch-recycling.com\/portfolio-items\/lelimination-des-dechets-est-notre-competence\/","name":"L'\u00e9limination des d\u00e9chets est notre comp\u00e9tence | WALCH Recycling","isPartOf":{"@id":"https:\/\/walch-recycling.com\/#website"},"primaryImageOfPage":{"@id":"https:\/\/walch-recycling.com\/portfolio-items\/lelimination-des-dechets-est-notre-competence\/#primaryimage"},"image":{"@id":"https:\/\/walch-recycling.com\/portfolio-items\/lelimination-des-dechets-est-notre-competence\/#primaryimage"},"thumbnailUrl":"https:\/\/walch-recycling.com\/wp-content\/uploads\/2024\/04\/recyclen.svg","datePublished":"2024-07-11T11:16:59+00:00","breadcrumb":{"@id":"https:\/\/walch-recycling.com\/portfolio-items\/lelimination-des-dechets-est-notre-competence\/#breadcrumb"},"inLanguage":"fr-FR","potentialAction":[{"@type":"ReadAction","target":["https:\/\/walch-recycling.com\/portfolio-items\/lelimination-des-dechets-est-notre-competence\/"]}]},{"@type":"ImageObject","inLanguage":"fr-FR","@id":"https:\/\/walch-recycling.com\/portfolio-items\/lelimination-des-dechets-est-notre-competence\/#primaryimage","url":"https:\/\/walch-recycling.com\/wp-content\/uploads\/2024\/04\/recyclen.svg","contentUrl":"https:\/\/walch-recycling.com\/wp-content\/uploads\/2024\/04\/recyclen.svg","width":100,"height":100},{"@type":"BreadcrumbList","@id":"https:\/\/walch-recycling.com\/portfolio-items\/lelimination-des-dechets-est-notre-competence\/#breadcrumb","itemListElement":[{"@type":"ListItem","position":1,"name":"Startseite","item":"https:\/\/walch-recycling.com\/fr\/"},{"@type":"ListItem","position":2,"name":"Portfolio","item":"https:\/\/walch-recycling.com\/portfolio-items\/"},{"@type":"ListItem","position":3,"name":"L&rsquo;\u00e9limination des d\u00e9chets est notre comp\u00e9tence"}]},{"@type":"WebSite","@id":"https:\/\/walch-recycling.com\/#website","url":"https:\/\/walch-recycling.com\/","name":"WALCH Recycling","description":"","publisher":{"@id":"https:\/\/walch-recycling.com\/#organization"},"potentialAction":[{"@type":"SearchAction","target":{"@type":"EntryPoint","urlTemplate":"https:\/\/walch-recycling.com\/?s={search_term_string}"},"query-input":{"@type":"PropertyValueSpecification","valueRequired":true,"valueName":"search_term_string"}}],"inLanguage":"fr-FR"},{"@type":"Organization","@id":"https:\/\/walch-recycling.com\/#organization","name":"Lars Walch GmbH & Co. KG","url":"https:\/\/walch-recycling.com\/","logo":{"@type":"ImageObject","inLanguage":"fr-FR","@id":"https:\/\/walch-recycling.com\/#\/schema\/logo\/image\/","url":"https:\/\/walch-recycling.com\/wp-content\/uploads\/2024\/05\/walch-recycling-logo_sm.svg","contentUrl":"https:\/\/walch-recycling.com\/wp-content\/uploads\/2024\/05\/walch-recycling-logo_sm.svg","width":91,"height":66,"caption":"Lars Walch GmbH & Co. KG"},"image":{"@id":"https:\/\/walch-recycling.com\/#\/schema\/logo\/image\/"},"sameAs":["https:\/\/www.linkedin.com\/company\/walchrecycling\/","https:\/\/www.youtube.com\/channel\/UCy6VNhi3OHnjeClBw2_juVQ"]}]}},"_links":{"self":[{"href":"https:\/\/walch-recycling.com\/fr\/wp-json\/wp\/v2\/avada_portfolio\/2058","targetHints":{"allow":["GET"]}}],"collection":[{"href":"https:\/\/walch-recycling.com\/fr\/wp-json\/wp\/v2\/avada_portfolio"}],"about":[{"href":"https:\/\/walch-recycling.com\/fr\/wp-json\/wp\/v2\/types\/avada_portfolio"}],"author":[{"embeddable":true,"href":"https:\/\/walch-recycling.com\/fr\/wp-json\/wp\/v2\/users\/1"}],"replies":[{"embeddable":true,"href":"https:\/\/walch-recycling.com\/fr\/wp-json\/wp\/v2\/comments?post=2058"}],"version-history":[{"count":0,"href":"https:\/\/walch-recycling.com\/fr\/wp-json\/wp\/v2\/avada_portfolio\/2058\/revisions"}],"wp:featuredmedia":[{"embeddable":true,"href":"https:\/\/walch-recycling.com\/fr\/wp-json\/wp\/v2\/media\/490"}],"wp:attachment":[{"href":"https:\/\/walch-recycling.com\/fr\/wp-json\/wp\/v2\/media?parent=2058"}],"wp:term":[{"taxonomy":"portfolio_category","embeddable":true,"href":"https:\/\/walch-recycling.com\/fr\/wp-json\/wp\/v2\/portfolio_category?post=2058"},{"taxonomy":"portfolio_skills","embeddable":true,"href":"https:\/\/walch-recycling.com\/fr\/wp-json\/wp\/v2\/portfolio_skills?post=2058"},{"taxonomy":"portfolio_tags","embeddable":true,"href":"https:\/\/walch-recycling.com\/fr\/wp-json\/wp\/v2\/portfolio_tags?post=2058"}],"curies":[{"name":"wp","href":"https:\/\/api.w.org\/{rel}","templated":true}]}}